{"id":843,"date":"2021-05-04T14:46:48","date_gmt":"2021-05-04T11:46:48","guid":{"rendered":"http:\/\/montenegro.chilipepperdijital.com\/?post_type=emlaklaklar&#038;p=843"},"modified":"2025-04-29T20:09:18","modified_gmt":"2025-04-29T17:09:18","slug":"budva-becici-super-firsat-yeni-daireler","status":"publish","type":"emlaklaklar","link":"https:\/\/montenegroemlak.com\/en\/properties-list-en\/budva-becici-super-firsat-yeni-daireler\/","title":{"rendered":"Budva Becici S\u00fcper F\u0131rsat Yeni Daireler"},"content":{"rendered":"\n<pre id=\"tw-target-text\" class=\"wp-block-preformatted\">Montenegro Karada\u011f<br>Budva Becici<br>Ka\u00e7mayacak F\u0131rsat, <br>Konut Kompleksi, <br>Resepsiyon, <br>Restoran, <br>Restoran teras\u0131, <br>\u00c7ocuklar i\u00e7in oyun alan\u0131 bulunan park yeri, <br>Y\u00fczme havuzu, <br>Otopark, <br>Kablo TV\nBecici plaj\u0131na dayal\u0131: 1000 metre\nFiyat: 950 - 1250 \u20ac mobilyas\u0131z\nStandart mobilyalarla: 2200 \u20ac<br>Bina tamamlanm\u0131\u015f vaziyette,<br>Daireler s\u0131f\u0131r oldu\u011fu i\u00e7in 3% Al\u0131m Sat\u0131m vergisi \u00f6denmeyecektir.<br><br>Yat\u0131r\u0131m ve kiralama opsiyonu ve Oturum \u0130zni i\u00e7in s\u00fcper f\u0131rsat.<\/pre>\n\n\n\n<p><strong>&nbsp;&nbsp;&nbsp;&nbsp;&nbsp;&nbsp;&nbsp;&nbsp;&nbsp;&nbsp;&nbsp;&nbsp;&nbsp;&nbsp;&nbsp;&nbsp;&nbsp;&nbsp;&nbsp;&nbsp;&nbsp;&nbsp;&nbsp;&nbsp;&nbsp;&nbsp;&nbsp;&nbsp;&nbsp;&nbsp;&nbsp;&nbsp;&nbsp;&nbsp;&nbsp;&nbsp;&nbsp;&nbsp;&nbsp;&nbsp;&nbsp; I Kat 950 \u20ac \/ m2<\/strong><\/p>\n\n\n\n<p><strong>&nbsp;&nbsp;&nbsp;&nbsp;&nbsp;&nbsp;&nbsp;&nbsp;&nbsp;&nbsp;&nbsp;&nbsp;&nbsp;&nbsp;&nbsp;&nbsp;&nbsp;&nbsp;&nbsp;&nbsp;&nbsp;&nbsp;&nbsp;&nbsp;&nbsp;&nbsp;&nbsp;&nbsp;&nbsp;&nbsp;&nbsp;&nbsp;&nbsp;&nbsp;&nbsp;&nbsp;&nbsp;&nbsp;&nbsp;&nbsp;&nbsp; II&nbsp; &nbsp; &nbsp; &nbsp;&nbsp;Kat&nbsp;&nbsp; &nbsp; &nbsp; &nbsp;1050 \u20ac&nbsp;\/ m2<\/strong><\/p>\n\n\n\n<p><strong>&nbsp;&nbsp;&nbsp;&nbsp;&nbsp;&nbsp;&nbsp;&nbsp;&nbsp;&nbsp;&nbsp;&nbsp;&nbsp;&nbsp;&nbsp;&nbsp;&nbsp;&nbsp;&nbsp;&nbsp;&nbsp;&nbsp;&nbsp;&nbsp;&nbsp;&nbsp;&nbsp;&nbsp;&nbsp;&nbsp;&nbsp;&nbsp;&nbsp;&nbsp;&nbsp;&nbsp;&nbsp;&nbsp;&nbsp;&nbsp;&nbsp; III&nbsp; &nbsp; &nbsp;&nbsp;Kat&nbsp;&nbsp; &nbsp; &nbsp; &nbsp;1100 \u20ac&nbsp;\/ m2<\/strong><\/p>\n\n\n\n<p><strong>&nbsp;&nbsp;&nbsp;&nbsp;&nbsp;&nbsp;&nbsp;&nbsp;&nbsp;&nbsp;&nbsp;&nbsp;&nbsp;&nbsp;&nbsp;&nbsp;&nbsp;&nbsp;&nbsp;&nbsp;&nbsp;&nbsp;&nbsp;&nbsp;&nbsp;&nbsp;&nbsp;&nbsp;&nbsp;&nbsp;&nbsp;&nbsp;&nbsp;&nbsp;&nbsp;&nbsp;&nbsp;&nbsp; &nbsp;&nbsp;&nbsp;IV, V&nbsp; &nbsp;&nbsp;Kat&nbsp;&nbsp; &nbsp; &nbsp; &nbsp;1150 \u20ac&nbsp;\/ m2<\/strong><\/p>\n\n\n\n<p><strong>&nbsp;&nbsp;&nbsp;&nbsp;&nbsp;&nbsp;&nbsp;&nbsp;&nbsp;&nbsp;&nbsp;&nbsp;&nbsp;&nbsp;&nbsp;&nbsp;&nbsp;&nbsp;&nbsp;&nbsp;&nbsp;&nbsp;&nbsp;&nbsp;&nbsp;&nbsp;&nbsp;&nbsp;&nbsp;&nbsp;&nbsp;&nbsp;&nbsp;&nbsp;&nbsp;&nbsp;&nbsp;&nbsp;&nbsp;&nbsp; VI&nbsp; &nbsp; &nbsp; &nbsp;&nbsp;&nbsp;Kat&nbsp;&nbsp; &nbsp; &nbsp; &nbsp;1200 \u20ac&nbsp;\/ m2<\/strong><\/p>\n\n\n\n<p><strong>&nbsp;&nbsp;&nbsp;&nbsp;&nbsp;&nbsp;&nbsp;&nbsp;&nbsp;&nbsp;&nbsp;&nbsp;&nbsp;&nbsp;&nbsp;&nbsp;&nbsp;&nbsp;&nbsp;&nbsp;&nbsp;&nbsp;&nbsp;&nbsp;&nbsp;&nbsp;&nbsp;&nbsp;&nbsp;&nbsp;&nbsp;&nbsp;&nbsp;&nbsp;&nbsp;&nbsp;&nbsp;&nbsp;&nbsp;&nbsp; VII&nbsp; &nbsp; &nbsp;&nbsp;&nbsp;Kat&nbsp;&nbsp; &nbsp; &nbsp; &nbsp; 1250 \u20ac&nbsp;\/ m2<\/strong><\/p>\n","protected":false},"author":1,"featured_media":0,"template":"","meta":[],"_links":{"self":[{"href":"https:\/\/montenegroemlak.com\/en\/wp-json\/wp\/v2\/emlaklaklar\/843"}],"collection":[{"href":"https:\/\/montenegroemlak.com\/en\/wp-json\/wp\/v2\/emlaklaklar"}],"about":[{"href":"https:\/\/montenegroemlak.com\/en\/wp-json\/wp\/v2\/types\/emlaklaklar"}],"author":[{"embeddable":true,"href":"https:\/\/montenegroemlak.com\/en\/wp-json\/wp\/v2\/users\/1"}],"wp:attachment":[{"href":"https:\/\/montenegroemlak.com\/en\/wp-json\/wp\/v2\/media?parent=843"}],"curies":[{"name":"wp","href":"https:\/\/api.w.org\/{rel}","templated":true}]}}