{"id":1380,"date":"2021-05-07T23:37:00","date_gmt":"2021-05-07T20:37:00","guid":{"rendered":"http:\/\/montenegro.chilipepperdijital.com\/?post_type=emlaklaklar&#038;p=1380"},"modified":"2021-05-07T23:37:01","modified_gmt":"2021-05-07T20:37:01","slug":"podgoricada-firsat-yatirim-ve-kiraya-uygun-mustakil-iki-ev-acil","status":"publish","type":"emlaklaklar","link":"https:\/\/montenegroemlak.com\/en\/properties-list-en\/podgoricada-firsat-yatirim-ve-kiraya-uygun-mustakil-iki-ev-acil\/","title":{"rendered":"Podgorica&#8217;da Firsat Yat\u0131r\u0131m ve Kiraya Uygun M\u00fcstakil \u0130ki Ev Acil"},"content":{"rendered":"\n<p>Montenegro Karada\u011f&#8217;da<\/p>\n\n\n\n<p>Ba\u015fkent Podgorica&#8217;da,<\/p>\n\n\n\n<p>En huzurlu ve elit b\u00f6lgelerden Stari Aerodrom&#8217;da,<\/p>\n\n\n\n<p>B\u00f6lge ortalamas\u0131n\u0131n \u00e7ok alt\u0131nda fiyatla sat\u0131l\u0131k M\u00fcstakil iki ev,<\/p>\n\n\n\n<p>Toplam 500 m2 arsa i\u00e7inde, iki&nbsp;m\u00fcstakil ev bulunmaktad\u0131r.<\/p>\n\n\n\n<p>Evler e\u015fyas\u0131zd\u0131r ve kiralama opsiyonunda, yakla\u015f\u0131k 900 Euro kira geliri getirmektedir. E\u015fyal\u0131 kiraya verilmesi halinde kira geliri ayl\u0131k 1.000 Euro&#8217;nun \u00fczerindedir.<\/p>\n\n\n\n<p>1. Ev,&nbsp; iki katl\u0131 ve katlar ayr\u0131lm\u0131\u015ft\u0131r, her bir kat 150 m2 b\u00fcy\u00fckl\u00fc\u011f\u00fcndedir. Bu y\u00fczden ayr\u0131 ayr\u0131 da kiraya verilmesi m\u00fcmk\u00fcnd\u00fcr. \u015eu an sadece b\u00fcy\u00fck olan kiraya verilmi\u015f olup, e\u015fyas\u0131z olarak kira getirisi ayda 700 Euro&#8217;dur.<\/p>\n\n\n\n<p>2. Ev, ayn\u0131 bah\u00e7ede olup, yeni yap\u0131lm\u0131\u015ft\u0131r ve 80 m2&#8217;dir.<\/p>\n\n\n\n<p>Rayi\u00e7i yakla\u015f\u0131k 250.000 &#8211; 300.000 Euro seviyesinde olup,&nbsp;<\/p>\n\n\n\n<p>Acil sat\u0131\u015f olmas\u0131ndan \u00f6t\u00fcr\u00fc, 220.000 Euro&#8217;ya sat\u0131lmaktad\u0131r.<\/p>\n\n\n\n<p>Evlerin dairelere b\u00f6l\u00fcnmesi ve ayr\u0131 ayr\u0131 ve e\u015fyal\u0131 kiraya verilmesi halinde yat\u0131r\u0131m\u0131n karl\u0131l\u0131\u011f\u0131 daha da artmaktad\u0131r.<\/p>\n\n\n\n<p>Oturmak ve ya\u015famak i\u00e7in de, \u015fehir merkezine arabayla birka\u00e7 dk mesafede olup, \u00e7ok nezih ve elit bir lokasyondad\u0131r<\/p>\n","protected":false},"author":1,"featured_media":0,"template":"","meta":[],"_links":{"self":[{"href":"https:\/\/montenegroemlak.com\/en\/wp-json\/wp\/v2\/emlaklaklar\/1380"}],"collection":[{"href":"https:\/\/montenegroemlak.com\/en\/wp-json\/wp\/v2\/emlaklaklar"}],"about":[{"href":"https:\/\/montenegroemlak.com\/en\/wp-json\/wp\/v2\/types\/emlaklaklar"}],"author":[{"embeddable":true,"href":"https:\/\/montenegroemlak.com\/en\/wp-json\/wp\/v2\/users\/1"}],"wp:attachment":[{"href":"https:\/\/montenegroemlak.com\/en\/wp-json\/wp\/v2\/media?parent=1380"}],"curies":[{"name":"wp","href":"https:\/\/api.w.org\/{rel}","templated":true}]}}