{"id":1291,"date":"2021-05-07T23:13:49","date_gmt":"2021-05-07T20:13:49","guid":{"rendered":"http:\/\/montenegro.chilipepperdijital.com\/?post_type=emlaklaklar&#038;p=1291"},"modified":"2021-05-07T23:13:50","modified_gmt":"2021-05-07T20:13:50","slug":"montenegro-budva-old-town-kale-ici-yari-fiyat-firsat-dukkan","status":"publish","type":"emlaklaklar","link":"https:\/\/montenegroemlak.com\/en\/properties-list-en\/montenegro-budva-old-town-kale-ici-yari-fiyat-firsat-dukkan\/","title":{"rendered":"Montenegro &#8211; Budva Old Town (Kale i\u00e7i) Yar\u0131 Fiyat F\u0131rsat D\u00fckkan"},"content":{"rendered":"\n<p>Montenegro &#8211; Karada\u011f,<\/p>\n\n\n\n<p>Tatilin merkezi Budva \u015fehrinde, Kale i\u00e7i (Old Town) da, yar\u0131 fiyat\u0131na acil sat\u0131l\u0131k d\u00fckkan.<\/p>\n\n\n\n<p><strong>D\u00fckkan 28 m2, fiyat\u0131 3.500 Euro\/m2 dir. Toplam Fiyat : 98.000 Euro.<\/strong><\/p>\n\n\n\n<p><strong>Acil sat\u0131\u015f sebebiyle fiyat\u0131 bu \u015fekildedir. Kira geliri y\u0131ll\u0131k olarak 10.000 Euro &#8211; 15.000 Euro seviyesi olacakt\u0131r. Bu \u015fekilde Amortisman S\u00fcresi 7 Y\u0131l &#8211; 10 Y\u0131l aras\u0131ndad\u0131r.<\/strong><\/p>\n\n\n\n<p><strong>Al\u0131n\u0131p, sat\u0131\u015fa \u00e7\u0131kart\u0131lmas\u0131 halinde, yaz mevsimine kadar 40.000 Euro seviyesinde kar yap\u0131lmas\u0131 muhtemeldir.<\/strong><\/p>\n\n\n\n<p><strong>Avrupa Birli\u011fi&#8217;ne kisa s\u00fcrede girme yolundaki Karada\u011f \u00fclkesinde, \u015firket kurma ihtiyac\u0131 olmadan yap\u0131lacak bu yat\u0131r\u0131mla, Oturum \u0130zni de al\u0131nmaktad\u0131r.<\/strong><\/p>\n\n\n\n<p><strong>Hem karl\u0131 sat\u0131nalma fiyat\u0131, hem kira geliri ve Euro \u00fczerinden d\u00fc\u015f\u00fck Amortisman S\u00fcresi, hem de Oturum \u0130zni ile ka\u00e7\u0131r\u0131lmayacak f\u0131rsat.&nbsp;<\/strong><\/p>\n\n\n\n<p>Montenegro &#8211; Karada\u011f \u00fclkesi y\u0131lda ortalama 2.500.000 turist almakta olup, turistlerin t\u00fcm\u00fcn\u00fcn ziyaret etmekte oldu\u011fu b\u00f6lgelerin ba\u015f\u0131nda Budva Old Town gelmektedir. Bu y\u00fczden, gerek ticari y\u00f6nden, gerekse kiralama y\u00f6n\u00fcnden Karada\u011f&#8217;\u0131n en i\u015flek ve en garantili b\u00f6lgesidir.<\/p>\n\n\n\n<p>D\u00fckkan say\u0131s\u0131 s\u0131n\u0131rl\u0131 ve art\u0131r\u0131lam\u0131yor olmas\u0131ndan \u00f6t\u00fcr\u00fc, hi\u00e7bir ticari alan y\u0131l i\u00e7inde bo\u015f kalmamaktad\u0131r. Kiralamalar y\u0131ll\u0131k yap\u0131lmakta olup, kira \u00f6demesi pe\u015fin veya en fazla iki taktsitle tahsil edildi\u011fi i\u00e7in, kiralamada tahsilat sorununun olmad\u0131\u011f\u0131 bir b\u00f6lgedir.&nbsp;<\/p>\n\n\n\n<p>Sat\u0131\u015f fiyatlar\u0131 4.500 Euro\/m2 &#8211; 6.000 Euro\/m2 aras\u0131nda de\u011fi\u015fkenlik g\u00f6stermektedir. \u015eu anda \u00fclkede toplamda 4 tane sat\u0131l\u0131k ilan\u0131 olup, bunlar\u0131n da fiyatlar\u0131 bu seviyelerdedir.<\/p>\n\n\n\n<p>B\u00f6lge, Surlarla \u00e7evrili olmas\u0131ndan \u00f6t\u00fcr\u00fc geni\u015fleme ihtimali yoktur ve tarihi dokudan \u00f6t\u00fcr\u00fc hem e\u015fsizdir hem de gelecekte de Budva ve Karada\u011f&#8217;\u0131n cazibe merkezi olaca\u011f\u0131 muhakkakt\u0131r.<\/p>\n","protected":false},"author":1,"featured_media":0,"template":"","meta":[],"_links":{"self":[{"href":"https:\/\/montenegroemlak.com\/en\/wp-json\/wp\/v2\/emlaklaklar\/1291"}],"collection":[{"href":"https:\/\/montenegroemlak.com\/en\/wp-json\/wp\/v2\/emlaklaklar"}],"about":[{"href":"https:\/\/montenegroemlak.com\/en\/wp-json\/wp\/v2\/types\/emlaklaklar"}],"author":[{"embeddable":true,"href":"https:\/\/montenegroemlak.com\/en\/wp-json\/wp\/v2\/users\/1"}],"wp:attachment":[{"href":"https:\/\/montenegroemlak.com\/en\/wp-json\/wp\/v2\/media?parent=1291"}],"curies":[{"name":"wp","href":"https:\/\/api.w.org\/{rel}","templated":true}]}}